{"id":115144,"date":"2025-03-19T12:30:24","date_gmt":"2025-03-19T15:30:24","guid":{"rendered":"https:\/\/folhadoleste.com.br\/wp-content\/uploads\/2025\/03\/Fla-Flu-de-2025-marca-recorde-de-publico-no-Campeonato-Carioca-Foto-Adriano-Fontes-Flamengo.jpg"},"modified":"2025-03-19T12:30:37","modified_gmt":"2025-03-19T15:30:37","slug":"fla-flu-de-2025-marca-recorde-de-publico-no-campeonato-carioca-foto-adriano-fontes-flamengo","status":"inherit","type":"attachment","link":"https:\/\/folhadoleste.com.br\/en\/fla-flu-de-2025-marca-recorde-de-publico-no-campeonato-carioca\/fla-flu-de-2025-marca-recorde-de-publico-no-campeonato-carioca-foto-adriano-fontes-flamengo\/","title":{"rendered":"Fla-Flu de 2025 marca recorde de p\u00fablico no Campeonato Carioca"},"author":4,"featured_media":0,"comment_status":"open","ping_status":"closed","template":"","meta":[],"class_list":["post-115144","attachment","type-attachment","status-inherit","hentry","post--single"],"yoast_head":"<!-- This site is optimized with the Yoast SEO plugin v27.4 - https:\/\/yoast.com\/product\/yoast-seo-wordpress\/ -->\n<title>Fla-Flu de 2025 marca recorde de p\u00fablico no Campeonato Carioca &#8226; Folha do Leste<\/title>\n<meta name=\"robots\" content=\"index, follow, max-snippet:-1, max-image-preview:large, max-video-preview:-1\" \/>\n<link rel=\"canonical\" href=\"https:\/\/folhadoleste.com.br\/wp-content\/uploads\/2025\/03\/Fla-Flu-de-2025-marca-recorde-de-publico-no-Campeonato-Carioca-Foto-Adriano-Fontes-Flamengo.jpg\" \/>\n<meta property=\"og:locale\" content=\"en_US\" \/>\n<meta property=\"og:type\" content=\"article\" \/>\n<meta property=\"og:title\" content=\"Fla-Flu de 2025 marca recorde de p\u00fablico no Campeonato Carioca &#8226; Folha do Leste\" \/>\n<meta property=\"og:description\" content=\"Fla-Flu de 2025 marca recorde de p\u00fablico no Campeonato Carioca | Adriano Fontes\/Flamengo\" \/>\n<meta property=\"og:url\" content=\"https:\/\/folhadoleste.com.br\/wp-content\/uploads\/2025\/03\/Fla-Flu-de-2025-marca-recorde-de-publico-no-Campeonato-Carioca-Foto-Adriano-Fontes-Flamengo.jpg\" \/>\n<meta property=\"og:site_name\" content=\"Folha do Leste\" \/>\n<meta property=\"article:publisher\" content=\"https:\/\/www.facebook.com\/folhadoleste\" \/>\n<meta property=\"article:modified_time\" content=\"2025-03-19T15:30:37+00:00\" \/>\n<meta property=\"og:image\" content=\"https:\/\/folhadoleste.com.br\/wp-content\/uploads\/2025\/03\/Fla-Flu-de-2025-marca-recorde-de-publico-no-Campeonato-Carioca-Foto-Adriano-Fontes-Flamengo.jpg\" \/>\n\t<meta property=\"og:image:width\" content=\"1200\" \/>\n\t<meta property=\"og:image:height\" content=\"749\" \/>\n\t<meta property=\"og:image:type\" content=\"image\/jpeg\" \/>\n<meta name=\"twitter:card\" content=\"summary_large_image\" \/>\n<meta name=\"twitter:site\" content=\"@FolhadoLesteRJ\" \/>\n<script type=\"application\/ld+json\" class=\"yoast-schema-graph\">{\"@context\":\"https:\\\/\\\/schema.org\",\"@graph\":[{\"@type\":\"NewsArticle\",\"@id\":\"https:\\\/\\\/folhadoleste.com.br\\\/wp-content\\\/uploads\\\/2025\\\/03\\\/Fla-Flu-de-2025-marca-recorde-de-publico-no-Campeonato-Carioca-Foto-Adriano-Fontes-Flamengo.jpg#article\",\"isPartOf\":{\"@id\":\"https:\\\/\\\/folhadoleste.com.br\\\/wp-content\\\/uploads\\\/2025\\\/03\\\/Fla-Flu-de-2025-marca-recorde-de-publico-no-Campeonato-Carioca-Foto-Adriano-Fontes-Flamengo.jpg\"},\"author\":{\"name\":\"Folha do Leste\",\"@id\":\"https:\\\/\\\/folhadoleste.com.br\\\/#\\\/schema\\\/person\\\/3e97145b2e1861276e84471aa85a3899\"},\"headline\":\"Fla-Flu de 2025 marca recorde de p\u00fablico no Campeonato Carioca\",\"datePublished\":\"2025-03-19T15:30:24+00:00\",\"dateModified\":\"2025-03-19T15:30:37+00:00\",\"mainEntityOfPage\":{\"@id\":\"https:\\\/\\\/folhadoleste.com.br\\\/wp-content\\\/uploads\\\/2025\\\/03\\\/Fla-Flu-de-2025-marca-recorde-de-publico-no-Campeonato-Carioca-Foto-Adriano-Fontes-Flamengo.jpg\"},\"wordCount\":10,\"commentCount\":0,\"publisher\":{\"@id\":\"https:\\\/\\\/folhadoleste.com.br\\\/#organization\"},\"inLanguage\":\"en-US\",\"potentialAction\":[{\"@type\":\"CommentAction\",\"name\":\"Comment\",\"target\":[\"https:\\\/\\\/folhadoleste.com.br\\\/wp-content\\\/uploads\\\/2025\\\/03\\\/Fla-Flu-de-2025-marca-recorde-de-publico-no-Campeonato-Carioca-Foto-Adriano-Fontes-Flamengo.jpg#respond\"]}]},{\"@type\":\"WebPage\",\"@id\":\"https:\\\/\\\/folhadoleste.com.br\\\/wp-content\\\/uploads\\\/2025\\\/03\\\/Fla-Flu-de-2025-marca-recorde-de-publico-no-Campeonato-Carioca-Foto-Adriano-Fontes-Flamengo.jpg\",\"url\":\"https:\\\/\\\/folhadoleste.com.br\\\/wp-content\\\/uploads\\\/2025\\\/03\\\/Fla-Flu-de-2025-marca-recorde-de-publico-no-Campeonato-Carioca-Foto-Adriano-Fontes-Flamengo.jpg\",\"name\":\"Fla-Flu de 2025 marca recorde de p\u00fablico no Campeonato Carioca &#8226; Folha do Leste\",\"isPartOf\":{\"@id\":\"https:\\\/\\\/folhadoleste.com.br\\\/#website\"},\"datePublished\":\"2025-03-19T15:30:24+00:00\",\"dateModified\":\"2025-03-19T15:30:37+00:00\",\"breadcrumb\":{\"@id\":\"https:\\\/\\\/folhadoleste.com.br\\\/wp-content\\\/uploads\\\/2025\\\/03\\\/Fla-Flu-de-2025-marca-recorde-de-publico-no-Campeonato-Carioca-Foto-Adriano-Fontes-Flamengo.jpg#breadcrumb\"},\"inLanguage\":\"en-US\",\"potentialAction\":[{\"@type\":\"ReadAction\",\"target\":[\"https:\\\/\\\/folhadoleste.com.br\\\/wp-content\\\/uploads\\\/2025\\\/03\\\/Fla-Flu-de-2025-marca-recorde-de-publico-no-Campeonato-Carioca-Foto-Adriano-Fontes-Flamengo.jpg\"]}]},{\"@type\":\"BreadcrumbList\",\"@id\":\"https:\\\/\\\/folhadoleste.com.br\\\/wp-content\\\/uploads\\\/2025\\\/03\\\/Fla-Flu-de-2025-marca-recorde-de-publico-no-Campeonato-Carioca-Foto-Adriano-Fontes-Flamengo.jpg#breadcrumb\",\"itemListElement\":[{\"@type\":\"ListItem\",\"position\":1,\"name\":\"In\u00edcio\",\"item\":\"https:\\\/\\\/folhadoleste.com.br\\\/\"},{\"@type\":\"ListItem\",\"position\":2,\"name\":\"Esportes\",\"item\":\"https:\\\/\\\/folhadoleste.com.br\\\/category\\\/esportes\\\/\"},{\"@type\":\"ListItem\",\"position\":3,\"name\":\"Futebol\",\"item\":\"https:\\\/\\\/folhadoleste.com.br\\\/category\\\/esportes\\\/futebol-esportes\\\/\"},{\"@type\":\"ListItem\",\"position\":4,\"name\":\"Fla-Flu de 2025 marca recorde de p\u00fablico no Campeonato Carioca\",\"item\":\"https:\\\/\\\/folhadoleste.com.br\\\/fla-flu-de-2025-marca-recorde-de-publico-no-campeonato-carioca\\\/\"},{\"@type\":\"ListItem\",\"position\":5,\"name\":\"Fla-Flu de 2025 marca recorde de p\u00fablico no Campeonato Carioca\"}]},{\"@type\":\"WebSite\",\"@id\":\"https:\\\/\\\/folhadoleste.com.br\\\/#website\",\"url\":\"https:\\\/\\\/folhadoleste.com.br\\\/\",\"name\":\"Folha do Leste\",\"description\":\"Portal de Not\u00edcias com \u00eanfase em Niter\u00f3i, criando conte\u00fados desde a capital Rio de Janeiro, com olhar para o Leste Fluminense e suas cidades como S\u00e3o Gon\u00e7alo, Itabora\u00ed, Rio Bonito, Maric\u00e1, Saquarema e Araruama\",\"publisher\":{\"@id\":\"https:\\\/\\\/folhadoleste.com.br\\\/#organization\"},\"alternateName\":\"FL\",\"potentialAction\":[{\"@type\":\"SearchAction\",\"target\":{\"@type\":\"EntryPoint\",\"urlTemplate\":\"https:\\\/\\\/folhadoleste.com.br\\\/?s={search_term_string}\"},\"query-input\":{\"@type\":\"PropertyValueSpecification\",\"valueRequired\":true,\"valueName\":\"search_term_string\"}}],\"inLanguage\":\"en-US\"},{\"@type\":\"Organization\",\"@id\":\"https:\\\/\\\/folhadoleste.com.br\\\/#organization\",\"name\":\"Brasil 21 Comunica\u00e7\u00e3o\",\"alternateName\":\"BR21\",\"url\":\"https:\\\/\\\/folhadoleste.com.br\\\/\",\"logo\":{\"@type\":\"ImageObject\",\"inLanguage\":\"en-US\",\"@id\":\"https:\\\/\\\/folhadoleste.com.br\\\/#\\\/schema\\\/logo\\\/image\\\/\",\"url\":\"https:\\\/\\\/folhadoleste.com.br\\\/wp-content\\\/uploads\\\/2025\\\/12\\\/brasil-21-logomarca.avif\",\"contentUrl\":\"https:\\\/\\\/folhadoleste.com.br\\\/wp-content\\\/uploads\\\/2025\\\/12\\\/brasil-21-logomarca.avif\",\"width\":1044,\"height\":1044,\"caption\":\"Brasil 21 Comunica\u00e7\u00e3o\"},\"image\":{\"@id\":\"https:\\\/\\\/folhadoleste.com.br\\\/#\\\/schema\\\/logo\\\/image\\\/\"},\"sameAs\":[\"https:\\\/\\\/www.facebook.com\\\/folhadoleste\",\"https:\\\/\\\/x.com\\\/FolhadoLesteRJ\",\"https:\\\/\\\/www.instagram.com\\\/folhadoleste\\\/\"]},{\"@type\":\"Person\",\"@id\":\"https:\\\/\\\/folhadoleste.com.br\\\/#\\\/schema\\\/person\\\/3e97145b2e1861276e84471aa85a3899\",\"name\":\"Folha do Leste\",\"image\":{\"@type\":\"ImageObject\",\"inLanguage\":\"en-US\",\"@id\":\"https:\\\/\\\/folhadoleste.com.br\\\/wp-content\\\/litespeed\\\/avatar\\\/1ca8c218432e7045e748610eb3db0259.jpg?ver=1777161142\",\"url\":\"https:\\\/\\\/folhadoleste.com.br\\\/wp-content\\\/litespeed\\\/avatar\\\/1ca8c218432e7045e748610eb3db0259.jpg?ver=1777161142\",\"contentUrl\":\"https:\\\/\\\/folhadoleste.com.br\\\/wp-content\\\/litespeed\\\/avatar\\\/1ca8c218432e7045e748610eb3db0259.jpg?ver=1777161142\",\"caption\":\"Folha do Leste\"},\"url\":\"https:\\\/\\\/folhadoleste.com.br\\\/en\\\/author\\\/reportagem-01\\\/\"}]}<\/script>\n<!-- \/ Yoast SEO plugin. -->","yoast_head_json":{"title":"Fla-Flu de 2025 marca recorde de p\u00fablico no Campeonato Carioca &#8226; Folha do Leste","robots":{"index":"index","follow":"follow","max-snippet":"max-snippet:-1","max-image-preview":"max-image-preview:large","max-video-preview":"max-video-preview:-1"},"canonical":"https:\/\/folhadoleste.com.br\/wp-content\/uploads\/2025\/03\/Fla-Flu-de-2025-marca-recorde-de-publico-no-Campeonato-Carioca-Foto-Adriano-Fontes-Flamengo.jpg","og_locale":"en_US","og_type":"article","og_title":"Fla-Flu de 2025 marca recorde de p\u00fablico no Campeonato Carioca &#8226; Folha do Leste","og_description":"Fla-Flu de 2025 marca recorde de p\u00fablico no Campeonato Carioca | Adriano Fontes\/Flamengo","og_url":"https:\/\/folhadoleste.com.br\/wp-content\/uploads\/2025\/03\/Fla-Flu-de-2025-marca-recorde-de-publico-no-Campeonato-Carioca-Foto-Adriano-Fontes-Flamengo.jpg","og_site_name":"Folha do Leste","article_publisher":"https:\/\/www.facebook.com\/folhadoleste","article_modified_time":"2025-03-19T15:30:37+00:00","og_image":[{"width":1200,"height":749,"url":"https:\/\/folhadoleste.com.br\/wp-content\/uploads\/2025\/03\/Fla-Flu-de-2025-marca-recorde-de-publico-no-Campeonato-Carioca-Foto-Adriano-Fontes-Flamengo.jpg","type":"image\/jpeg"}],"twitter_card":"summary_large_image","twitter_site":"@FolhadoLesteRJ","schema":{"@context":"https:\/\/schema.org","@graph":[{"@type":"NewsArticle","@id":"https:\/\/folhadoleste.com.br\/wp-content\/uploads\/2025\/03\/Fla-Flu-de-2025-marca-recorde-de-publico-no-Campeonato-Carioca-Foto-Adriano-Fontes-Flamengo.jpg#article","isPartOf":{"@id":"https:\/\/folhadoleste.com.br\/wp-content\/uploads\/2025\/03\/Fla-Flu-de-2025-marca-recorde-de-publico-no-Campeonato-Carioca-Foto-Adriano-Fontes-Flamengo.jpg"},"author":{"name":"Folha do Leste","@id":"https:\/\/folhadoleste.com.br\/#\/schema\/person\/3e97145b2e1861276e84471aa85a3899"},"headline":"Fla-Flu de 2025 marca recorde de p\u00fablico no Campeonato Carioca","datePublished":"2025-03-19T15:30:24+00:00","dateModified":"2025-03-19T15:30:37+00:00","mainEntityOfPage":{"@id":"https:\/\/folhadoleste.com.br\/wp-content\/uploads\/2025\/03\/Fla-Flu-de-2025-marca-recorde-de-publico-no-Campeonato-Carioca-Foto-Adriano-Fontes-Flamengo.jpg"},"wordCount":10,"commentCount":0,"publisher":{"@id":"https:\/\/folhadoleste.com.br\/#organization"},"inLanguage":"en-US","potentialAction":[{"@type":"CommentAction","name":"Comment","target":["https:\/\/folhadoleste.com.br\/wp-content\/uploads\/2025\/03\/Fla-Flu-de-2025-marca-recorde-de-publico-no-Campeonato-Carioca-Foto-Adriano-Fontes-Flamengo.jpg#respond"]}]},{"@type":"WebPage","@id":"https:\/\/folhadoleste.com.br\/wp-content\/uploads\/2025\/03\/Fla-Flu-de-2025-marca-recorde-de-publico-no-Campeonato-Carioca-Foto-Adriano-Fontes-Flamengo.jpg","url":"https:\/\/folhadoleste.com.br\/wp-content\/uploads\/2025\/03\/Fla-Flu-de-2025-marca-recorde-de-publico-no-Campeonato-Carioca-Foto-Adriano-Fontes-Flamengo.jpg","name":"Fla-Flu de 2025 marca recorde de p\u00fablico no Campeonato Carioca &#8226; Folha do Leste","isPartOf":{"@id":"https:\/\/folhadoleste.com.br\/#website"},"datePublished":"2025-03-19T15:30:24+00:00","dateModified":"2025-03-19T15:30:37+00:00","breadcrumb":{"@id":"https:\/\/folhadoleste.com.br\/wp-content\/uploads\/2025\/03\/Fla-Flu-de-2025-marca-recorde-de-publico-no-Campeonato-Carioca-Foto-Adriano-Fontes-Flamengo.jpg#breadcrumb"},"inLanguage":"en-US","potentialAction":[{"@type":"ReadAction","target":["https:\/\/folhadoleste.com.br\/wp-content\/uploads\/2025\/03\/Fla-Flu-de-2025-marca-recorde-de-publico-no-Campeonato-Carioca-Foto-Adriano-Fontes-Flamengo.jpg"]}]},{"@type":"BreadcrumbList","@id":"https:\/\/folhadoleste.com.br\/wp-content\/uploads\/2025\/03\/Fla-Flu-de-2025-marca-recorde-de-publico-no-Campeonato-Carioca-Foto-Adriano-Fontes-Flamengo.jpg#breadcrumb","itemListElement":[{"@type":"ListItem","position":1,"name":"In\u00edcio","item":"https:\/\/folhadoleste.com.br\/"},{"@type":"ListItem","position":2,"name":"Esportes","item":"https:\/\/folhadoleste.com.br\/category\/esportes\/"},{"@type":"ListItem","position":3,"name":"Futebol","item":"https:\/\/folhadoleste.com.br\/category\/esportes\/futebol-esportes\/"},{"@type":"ListItem","position":4,"name":"Fla-Flu de 2025 marca recorde de p\u00fablico no Campeonato Carioca","item":"https:\/\/folhadoleste.com.br\/fla-flu-de-2025-marca-recorde-de-publico-no-campeonato-carioca\/"},{"@type":"ListItem","position":5,"name":"Fla-Flu de 2025 marca recorde de p\u00fablico no Campeonato Carioca"}]},{"@type":"WebSite","@id":"https:\/\/folhadoleste.com.br\/#website","url":"https:\/\/folhadoleste.com.br\/","name":"Folha do Leste","description":"Portal de Not\u00edcias com \u00eanfase em Niter\u00f3i, criando conte\u00fados desde a capital Rio de Janeiro, com olhar para o Leste Fluminense e suas cidades como S\u00e3o Gon\u00e7alo, Itabora\u00ed, Rio Bonito, Maric\u00e1, Saquarema e Araruama","publisher":{"@id":"https:\/\/folhadoleste.com.br\/#organization"},"alternateName":"FL","potentialAction":[{"@type":"SearchAction","target":{"@type":"EntryPoint","urlTemplate":"https:\/\/folhadoleste.com.br\/?s={search_term_string}"},"query-input":{"@type":"PropertyValueSpecification","valueRequired":true,"valueName":"search_term_string"}}],"inLanguage":"en-US"},{"@type":"Organization","@id":"https:\/\/folhadoleste.com.br\/#organization","name":"Brasil 21 Comunica\u00e7\u00e3o","alternateName":"BR21","url":"https:\/\/folhadoleste.com.br\/","logo":{"@type":"ImageObject","inLanguage":"en-US","@id":"https:\/\/folhadoleste.com.br\/#\/schema\/logo\/image\/","url":"https:\/\/folhadoleste.com.br\/wp-content\/uploads\/2025\/12\/brasil-21-logomarca.avif","contentUrl":"https:\/\/folhadoleste.com.br\/wp-content\/uploads\/2025\/12\/brasil-21-logomarca.avif","width":1044,"height":1044,"caption":"Brasil 21 Comunica\u00e7\u00e3o"},"image":{"@id":"https:\/\/folhadoleste.com.br\/#\/schema\/logo\/image\/"},"sameAs":["https:\/\/www.facebook.com\/folhadoleste","https:\/\/x.com\/FolhadoLesteRJ","https:\/\/www.instagram.com\/folhadoleste\/"]},{"@type":"Person","@id":"https:\/\/folhadoleste.com.br\/#\/schema\/person\/3e97145b2e1861276e84471aa85a3899","name":"Folha do Leste","image":{"@type":"ImageObject","inLanguage":"en-US","@id":"https:\/\/folhadoleste.com.br\/wp-content\/litespeed\/avatar\/1ca8c218432e7045e748610eb3db0259.jpg?ver=1777161142","url":"https:\/\/folhadoleste.com.br\/wp-content\/litespeed\/avatar\/1ca8c218432e7045e748610eb3db0259.jpg?ver=1777161142","contentUrl":"https:\/\/folhadoleste.com.br\/wp-content\/litespeed\/avatar\/1ca8c218432e7045e748610eb3db0259.jpg?ver=1777161142","caption":"Folha do Leste"},"url":"https:\/\/folhadoleste.com.br\/en\/author\/reportagem-01\/"}]}},"description":{"rendered":"<p class=\"attachment\"><a href='https:\/\/folhadoleste.com.br\/wp-content\/uploads\/2025\/03\/Fla-Flu-de-2025-marca-recorde-de-publico-no-Campeonato-Carioca-Foto-Adriano-Fontes-Flamengo.jpg'><img decoding=\"async\" width=\"300\" height=\"187\" src=\"https:\/\/folhadoleste.com.br\/wp-content\/uploads\/2025\/03\/Fla-Flu-de-2025-marca-recorde-de-publico-no-Campeonato-Carioca-Foto-Adriano-Fontes-Flamengo-300x187.jpg\" class=\"attachment-medium size-medium\" alt=\"\" \/><\/a><\/p>\n"},"caption":{"rendered":"<p>Fla-Flu de 2025 marca recorde de p\u00fablico no Campeonato Carioca | Adriano Fontes\/Flamengo<\/p>\n"},"alt_text":"","media_type":"image","mime_type":"image\/jpeg","media_details":{"width":1200,"height":749,"file":"2025\/03\/Fla-Flu-de-2025-marca-recorde-de-publico-no-Campeonato-Carioca-Foto-Adriano-Fontes-Flamengo.jpg","filesize":371211,"sizes":{"medium":{"file":"Fla-Flu-de-2025-marca-recorde-de-publico-no-Campeonato-Carioca-Foto-Adriano-Fontes-Flamengo-300x187.jpg","width":300,"height":187,"filesize":31093,"mime_type":"image\/jpeg","source_url":"https:\/\/folhadoleste.com.br\/wp-content\/uploads\/2025\/03\/Fla-Flu-de-2025-marca-recorde-de-publico-no-Campeonato-Carioca-Foto-Adriano-Fontes-Flamengo-300x187.jpg"},"large":{"file":"Fla-Flu-de-2025-marca-recorde-de-publico-no-Campeonato-Carioca-Foto-Adriano-Fontes-Flamengo-1024x639.jpg","width":1024,"height":639,"filesize":202054,"mime_type":"image\/jpeg","source_url":"https:\/\/folhadoleste.com.br\/wp-content\/uploads\/2025\/03\/Fla-Flu-de-2025-marca-recorde-de-publico-no-Campeonato-Carioca-Foto-Adriano-Fontes-Flamengo-1024x639.jpg"},"thumbnail":{"file":"Fla-Flu-de-2025-marca-recorde-de-publico-no-Campeonato-Carioca-Foto-Adriano-Fontes-Flamengo-150x150.jpg","width":150,"height":150,"filesize":13599,"mime_type":"image\/jpeg","source_url":"https:\/\/folhadoleste.com.br\/wp-content\/uploads\/2025\/03\/Fla-Flu-de-2025-marca-recorde-de-publico-no-Campeonato-Carioca-Foto-Adriano-Fontes-Flamengo-150x150.jpg"},"ceris-xxxs-1_1":{"file":"Fla-Flu-de-2025-marca-recorde-de-publico-no-Campeonato-Carioca-Foto-Adriano-Fontes-Flamengo-70x70.jpg","width":70,"height":70,"filesize":3602,"mime_type":"image\/jpeg","source_url":"https:\/\/folhadoleste.com.br\/wp-content\/uploads\/2025\/03\/Fla-Flu-de-2025-marca-recorde-de-publico-no-Campeonato-Carioca-Foto-Adriano-Fontes-Flamengo-70x70.jpg"},"ceris-xxs-4_3":{"file":"Fla-Flu-de-2025-marca-recorde-de-publico-no-Campeonato-Carioca-Foto-Adriano-Fontes-Flamengo-180x135.jpg","width":180,"height":135,"filesize":15018,"mime_type":"image\/jpeg","source_url":"https:\/\/folhadoleste.com.br\/wp-content\/uploads\/2025\/03\/Fla-Flu-de-2025-marca-recorde-de-publico-no-Campeonato-Carioca-Foto-Adriano-Fontes-Flamengo-180x135.jpg"},"ceris-xxs-1_1":{"file":"Fla-Flu-de-2025-marca-recorde-de-publico-no-Campeonato-Carioca-Foto-Adriano-Fontes-Flamengo-180x180.jpg","width":180,"height":180,"filesize":18600,"mime_type":"image\/jpeg","source_url":"https:\/\/folhadoleste.com.br\/wp-content\/uploads\/2025\/03\/Fla-Flu-de-2025-marca-recorde-de-publico-no-Campeonato-Carioca-Foto-Adriano-Fontes-Flamengo-180x180.jpg"},"ceris-xs-16_9 400x225":{"file":"Fla-Flu-de-2025-marca-recorde-de-publico-no-Campeonato-Carioca-Foto-Adriano-Fontes-Flamengo-400x225.jpg","width":400,"height":225,"filesize":44540,"mime_type":"image\/jpeg","source_url":"https:\/\/folhadoleste.com.br\/wp-content\/uploads\/2025\/03\/Fla-Flu-de-2025-marca-recorde-de-publico-no-Campeonato-Carioca-Foto-Adriano-Fontes-Flamengo-400x225.jpg"},"ceris-xs-4_3":{"file":"Fla-Flu-de-2025-marca-recorde-de-publico-no-Campeonato-Carioca-Foto-Adriano-Fontes-Flamengo-400x300.jpg","width":400,"height":300,"filesize":54824,"mime_type":"image\/jpeg","source_url":"https:\/\/folhadoleste.com.br\/wp-content\/uploads\/2025\/03\/Fla-Flu-de-2025-marca-recorde-de-publico-no-Campeonato-Carioca-Foto-Adriano-Fontes-Flamengo-400x300.jpg"},"ceris-xs-2_1":{"file":"Fla-Flu-de-2025-marca-recorde-de-publico-no-Campeonato-Carioca-Foto-Adriano-Fontes-Flamengo-400x200.jpg","width":400,"height":200,"filesize":39499,"mime_type":"image\/jpeg","source_url":"https:\/\/folhadoleste.com.br\/wp-content\/uploads\/2025\/03\/Fla-Flu-de-2025-marca-recorde-de-publico-no-Campeonato-Carioca-Foto-Adriano-Fontes-Flamengo-400x200.jpg"},"ceris-xs-1_1":{"file":"Fla-Flu-de-2025-marca-recorde-de-publico-no-Campeonato-Carioca-Foto-Adriano-Fontes-Flamengo-400x400.jpg","width":400,"height":400,"filesize":63895,"mime_type":"image\/jpeg","source_url":"https:\/\/folhadoleste.com.br\/wp-content\/uploads\/2025\/03\/Fla-Flu-de-2025-marca-recorde-de-publico-no-Campeonato-Carioca-Foto-Adriano-Fontes-Flamengo-400x400.jpg"},"ceris-xs-16_9":{"file":"Fla-Flu-de-2025-marca-recorde-de-publico-no-Campeonato-Carioca-Foto-Adriano-Fontes-Flamengo-600x338.jpg","width":600,"height":338,"filesize":83420,"mime_type":"image\/jpeg","source_url":"https:\/\/folhadoleste.com.br\/wp-content\/uploads\/2025\/03\/Fla-Flu-de-2025-marca-recorde-de-publico-no-Campeonato-Carioca-Foto-Adriano-Fontes-Flamengo-600x338.jpg"},"ceris-s-4_3":{"file":"Fla-Flu-de-2025-marca-recorde-de-publico-no-Campeonato-Carioca-Foto-Adriano-Fontes-Flamengo-600x450.jpg","width":600,"height":450,"filesize":101853,"mime_type":"image\/jpeg","source_url":"https:\/\/folhadoleste.com.br\/wp-content\/uploads\/2025\/03\/Fla-Flu-de-2025-marca-recorde-de-publico-no-Campeonato-Carioca-Foto-Adriano-Fontes-Flamengo-600x450.jpg"},"ceris-s-2_1":{"file":"Fla-Flu-de-2025-marca-recorde-de-publico-no-Campeonato-Carioca-Foto-Adriano-Fontes-Flamengo-600x300.jpg","width":600,"height":300,"filesize":74599,"mime_type":"image\/jpeg","source_url":"https:\/\/folhadoleste.com.br\/wp-content\/uploads\/2025\/03\/Fla-Flu-de-2025-marca-recorde-de-publico-no-Campeonato-Carioca-Foto-Adriano-Fontes-Flamengo-600x300.jpg"},"ceris-s-1_1":{"file":"Fla-Flu-de-2025-marca-recorde-de-publico-no-Campeonato-Carioca-Foto-Adriano-Fontes-Flamengo-600x600.jpg","width":600,"height":600,"filesize":117035,"mime_type":"image\/jpeg","source_url":"https:\/\/folhadoleste.com.br\/wp-content\/uploads\/2025\/03\/Fla-Flu-de-2025-marca-recorde-de-publico-no-Campeonato-Carioca-Foto-Adriano-Fontes-Flamengo-600x600.jpg"},"ceris-m-16_9":{"file":"Fla-Flu-de-2025-marca-recorde-de-publico-no-Campeonato-Carioca-Foto-Adriano-Fontes-Flamengo-800x450.jpg","width":800,"height":450,"filesize":129343,"mime_type":"image\/jpeg","source_url":"https:\/\/folhadoleste.com.br\/wp-content\/uploads\/2025\/03\/Fla-Flu-de-2025-marca-recorde-de-publico-no-Campeonato-Carioca-Foto-Adriano-Fontes-Flamengo-800x450.jpg"},"ceris-m-4_3":{"file":"Fla-Flu-de-2025-marca-recorde-de-publico-no-Campeonato-Carioca-Foto-Adriano-Fontes-Flamengo-800x600.jpg","width":800,"height":600,"filesize":155211,"mime_type":"image\/jpeg","source_url":"https:\/\/folhadoleste.com.br\/wp-content\/uploads\/2025\/03\/Fla-Flu-de-2025-marca-recorde-de-publico-no-Campeonato-Carioca-Foto-Adriano-Fontes-Flamengo-800x600.jpg"},"ceris-m-2_1":{"file":"Fla-Flu-de-2025-marca-recorde-de-publico-no-Campeonato-Carioca-Foto-Adriano-Fontes-Flamengo-800x400.jpg","width":800,"height":400,"filesize":114858,"mime_type":"image\/jpeg","source_url":"https:\/\/folhadoleste.com.br\/wp-content\/uploads\/2025\/03\/Fla-Flu-de-2025-marca-recorde-de-publico-no-Campeonato-Carioca-Foto-Adriano-Fontes-Flamengo-800x400.jpg"},"ceris-m-auto":{"file":"Fla-Flu-de-2025-marca-recorde-de-publico-no-Campeonato-Carioca-Foto-Adriano-Fontes-Flamengo-800x499.jpg","width":800,"height":499,"filesize":141356,"mime_type":"image\/jpeg","source_url":"https:\/\/folhadoleste.com.br\/wp-content\/uploads\/2025\/03\/Fla-Flu-de-2025-marca-recorde-de-publico-no-Campeonato-Carioca-Foto-Adriano-Fontes-Flamengo-800x499.jpg"},"ceris-l-16_9":{"file":"Fla-Flu-de-2025-marca-recorde-de-publico-no-Campeonato-Carioca-Foto-Adriano-Fontes-Flamengo-1200x675.jpg","width":1200,"height":675,"filesize":243200,"mime_type":"image\/jpeg","source_url":"https:\/\/folhadoleste.com.br\/wp-content\/uploads\/2025\/03\/Fla-Flu-de-2025-marca-recorde-de-publico-no-Campeonato-Carioca-Foto-Adriano-Fontes-Flamengo-1200x675.jpg"},"ceris-l-2_1":{"file":"Fla-Flu-de-2025-marca-recorde-de-publico-no-Campeonato-Carioca-Foto-Adriano-Fontes-Flamengo-1200x600.jpg","width":1200,"height":600,"filesize":217245,"mime_type":"image\/jpeg","source_url":"https:\/\/folhadoleste.com.br\/wp-content\/uploads\/2025\/03\/Fla-Flu-de-2025-marca-recorde-de-publico-no-Campeonato-Carioca-Foto-Adriano-Fontes-Flamengo-1200x600.jpg"},"full":{"file":"Fla-Flu-de-2025-marca-recorde-de-publico-no-Campeonato-Carioca-Foto-Adriano-Fontes-Flamengo.jpg","width":1200,"height":749,"mime_type":"image\/jpeg","source_url":"https:\/\/folhadoleste.com.br\/wp-content\/uploads\/2025\/03\/Fla-Flu-de-2025-marca-recorde-de-publico-no-Campeonato-Carioca-Foto-Adriano-Fontes-Flamengo.jpg"}},"image_meta":{"aperture":"0","credit":"","camera":"","caption":"","created_timestamp":"0","copyright":"","focal_length":"0","iso":"0","shutter_speed":"0","title":"","orientation":"0","keywords":[]}},"post":115142,"source_url":"https:\/\/folhadoleste.com.br\/wp-content\/uploads\/2025\/03\/Fla-Flu-de-2025-marca-recorde-de-publico-no-Campeonato-Carioca-Foto-Adriano-Fontes-Flamengo.jpg","_links":{"self":[{"href":"https:\/\/folhadoleste.com.br\/en\/wp-json\/wp\/v2\/media\/115144","targetHints":{"allow":["GET"]}}],"collection":[{"href":"https:\/\/folhadoleste.com.br\/en\/wp-json\/wp\/v2\/media"}],"about":[{"href":"https:\/\/folhadoleste.com.br\/en\/wp-json\/wp\/v2\/types\/attachment"}],"author":[{"embeddable":true,"href":"https:\/\/folhadoleste.com.br\/en\/wp-json\/wp\/v2\/users\/4"}],"replies":[{"embeddable":true,"href":"https:\/\/folhadoleste.com.br\/en\/wp-json\/wp\/v2\/comments?post=115144"}],"wp:attached-to":[{"embeddable":true,"post_type":"post","id":115142,"href":"https:\/\/folhadoleste.com.br\/en\/wp-json\/wp\/v2\/posts\/115142"}],"curies":[{"name":"wp","href":"https:\/\/api.w.org\/{rel}","templated":true}]}}