{"id":114803,"date":"2025-03-17T14:21:56","date_gmt":"2025-03-17T17:21:56","guid":{"rendered":"https:\/\/folhadoleste.com.br\/wp-content\/uploads\/2025\/03\/Selecao-Brasileira-se-prepara-para-enfrentar-Colombia-e-Argentina-Foto-Rafael-Ribeiro-CBF.png"},"modified":"2025-03-17T14:22:31","modified_gmt":"2025-03-17T17:22:31","slug":"selecao-brasileira-se-prepara-para-enfrentar-colombia-e-argentina-foto-rafael-ribeiro-cbf","status":"inherit","type":"attachment","link":"https:\/\/folhadoleste.com.br\/en\/selecao-brasileira-se-prepara-para-enfrentar-colombia-e-argentina\/selecao-brasileira-se-prepara-para-enfrentar-colombia-e-argentina-foto-rafael-ribeiro-cbf\/","title":{"rendered":"Sele\u00e7\u00e3o Brasileira se prepara para enfrentar Col\u00f4mbia e Argentina"},"author":4,"featured_media":0,"comment_status":"open","ping_status":"closed","template":"","meta":[],"class_list":["post-114803","attachment","type-attachment","status-inherit","hentry","post--single"],"yoast_head":"<!-- This site is optimized with the Yoast SEO plugin v27.4 - https:\/\/yoast.com\/product\/yoast-seo-wordpress\/ -->\n<title>Sele\u00e7\u00e3o Brasileira se prepara para enfrentar Col\u00f4mbia e Argentina &#8226; Folha do Leste<\/title>\n<meta name=\"robots\" content=\"index, follow, max-snippet:-1, max-image-preview:large, max-video-preview:-1\" \/>\n<link rel=\"canonical\" href=\"https:\/\/folhadoleste.com.br\/wp-content\/uploads\/2025\/03\/Selecao-Brasileira-se-prepara-para-enfrentar-Colombia-e-Argentina-Foto-Rafael-Ribeiro-CBF.png\" \/>\n<meta property=\"og:locale\" content=\"en_US\" \/>\n<meta property=\"og:type\" content=\"article\" \/>\n<meta property=\"og:title\" content=\"Sele\u00e7\u00e3o Brasileira se prepara para enfrentar Col\u00f4mbia e Argentina &#8226; Folha do Leste\" \/>\n<meta property=\"og:description\" content=\"Sele\u00e7\u00e3o Brasileira se prepara para enfrentar Col\u00f4mbia e Argentina | Rafael Ribeiro\/CBF\" \/>\n<meta property=\"og:url\" content=\"https:\/\/folhadoleste.com.br\/wp-content\/uploads\/2025\/03\/Selecao-Brasileira-se-prepara-para-enfrentar-Colombia-e-Argentina-Foto-Rafael-Ribeiro-CBF.png\" \/>\n<meta property=\"og:site_name\" content=\"Folha do Leste\" \/>\n<meta property=\"article:publisher\" content=\"https:\/\/www.facebook.com\/folhadoleste\" \/>\n<meta property=\"article:modified_time\" content=\"2025-03-17T17:22:31+00:00\" \/>\n<meta property=\"og:image\" content=\"https:\/\/folhadoleste.com.br\/wp-content\/uploads\/2025\/03\/Selecao-Brasileira-se-prepara-para-enfrentar-Colombia-e-Argentina-Foto-Rafael-Ribeiro-CBF.png\" \/>\n\t<meta property=\"og:image:width\" content=\"1200\" \/>\n\t<meta property=\"og:image:height\" content=\"750\" \/>\n\t<meta property=\"og:image:type\" content=\"image\/png\" \/>\n<meta name=\"twitter:card\" content=\"summary_large_image\" \/>\n<meta name=\"twitter:site\" content=\"@FolhadoLesteRJ\" \/>\n<script type=\"application\/ld+json\" class=\"yoast-schema-graph\">{\"@context\":\"https:\\\/\\\/schema.org\",\"@graph\":[{\"@type\":\"NewsArticle\",\"@id\":\"https:\\\/\\\/folhadoleste.com.br\\\/wp-content\\\/uploads\\\/2025\\\/03\\\/Selecao-Brasileira-se-prepara-para-enfrentar-Colombia-e-Argentina-Foto-Rafael-Ribeiro-CBF.png#article\",\"isPartOf\":{\"@id\":\"https:\\\/\\\/folhadoleste.com.br\\\/wp-content\\\/uploads\\\/2025\\\/03\\\/Selecao-Brasileira-se-prepara-para-enfrentar-Colombia-e-Argentina-Foto-Rafael-Ribeiro-CBF.png\"},\"author\":{\"name\":\"Folha do Leste\",\"@id\":\"https:\\\/\\\/folhadoleste.com.br\\\/#\\\/schema\\\/person\\\/3e97145b2e1861276e84471aa85a3899\"},\"headline\":\"Sele\u00e7\u00e3o Brasileira se prepara para enfrentar Col\u00f4mbia e Argentina\",\"datePublished\":\"2025-03-17T17:21:56+00:00\",\"dateModified\":\"2025-03-17T17:22:31+00:00\",\"mainEntityOfPage\":{\"@id\":\"https:\\\/\\\/folhadoleste.com.br\\\/wp-content\\\/uploads\\\/2025\\\/03\\\/Selecao-Brasileira-se-prepara-para-enfrentar-Colombia-e-Argentina-Foto-Rafael-Ribeiro-CBF.png\"},\"wordCount\":11,\"commentCount\":0,\"publisher\":{\"@id\":\"https:\\\/\\\/folhadoleste.com.br\\\/#organization\"},\"inLanguage\":\"en-US\",\"potentialAction\":[{\"@type\":\"CommentAction\",\"name\":\"Comment\",\"target\":[\"https:\\\/\\\/folhadoleste.com.br\\\/wp-content\\\/uploads\\\/2025\\\/03\\\/Selecao-Brasileira-se-prepara-para-enfrentar-Colombia-e-Argentina-Foto-Rafael-Ribeiro-CBF.png#respond\"]}]},{\"@type\":\"WebPage\",\"@id\":\"https:\\\/\\\/folhadoleste.com.br\\\/wp-content\\\/uploads\\\/2025\\\/03\\\/Selecao-Brasileira-se-prepara-para-enfrentar-Colombia-e-Argentina-Foto-Rafael-Ribeiro-CBF.png\",\"url\":\"https:\\\/\\\/folhadoleste.com.br\\\/wp-content\\\/uploads\\\/2025\\\/03\\\/Selecao-Brasileira-se-prepara-para-enfrentar-Colombia-e-Argentina-Foto-Rafael-Ribeiro-CBF.png\",\"name\":\"Sele\u00e7\u00e3o Brasileira se prepara para enfrentar Col\u00f4mbia e Argentina &#8226; Folha do Leste\",\"isPartOf\":{\"@id\":\"https:\\\/\\\/folhadoleste.com.br\\\/#website\"},\"datePublished\":\"2025-03-17T17:21:56+00:00\",\"dateModified\":\"2025-03-17T17:22:31+00:00\",\"breadcrumb\":{\"@id\":\"https:\\\/\\\/folhadoleste.com.br\\\/wp-content\\\/uploads\\\/2025\\\/03\\\/Selecao-Brasileira-se-prepara-para-enfrentar-Colombia-e-Argentina-Foto-Rafael-Ribeiro-CBF.png#breadcrumb\"},\"inLanguage\":\"en-US\",\"potentialAction\":[{\"@type\":\"ReadAction\",\"target\":[\"https:\\\/\\\/folhadoleste.com.br\\\/wp-content\\\/uploads\\\/2025\\\/03\\\/Selecao-Brasileira-se-prepara-para-enfrentar-Colombia-e-Argentina-Foto-Rafael-Ribeiro-CBF.png\"]}]},{\"@type\":\"BreadcrumbList\",\"@id\":\"https:\\\/\\\/folhadoleste.com.br\\\/wp-content\\\/uploads\\\/2025\\\/03\\\/Selecao-Brasileira-se-prepara-para-enfrentar-Colombia-e-Argentina-Foto-Rafael-Ribeiro-CBF.png#breadcrumb\",\"itemListElement\":[{\"@type\":\"ListItem\",\"position\":1,\"name\":\"In\u00edcio\",\"item\":\"https:\\\/\\\/folhadoleste.com.br\\\/\"},{\"@type\":\"ListItem\",\"position\":2,\"name\":\"Esportes\",\"item\":\"https:\\\/\\\/folhadoleste.com.br\\\/category\\\/esportes\\\/\"},{\"@type\":\"ListItem\",\"position\":3,\"name\":\"Futebol\",\"item\":\"https:\\\/\\\/folhadoleste.com.br\\\/category\\\/esportes\\\/futebol-esportes\\\/\"},{\"@type\":\"ListItem\",\"position\":4,\"name\":\"Sele\u00e7\u00e3o Brasileira se prepara para enfrentar Col\u00f4mbia e Argentina\",\"item\":\"https:\\\/\\\/folhadoleste.com.br\\\/selecao-brasileira-se-prepara-para-enfrentar-colombia-e-argentina\\\/\"},{\"@type\":\"ListItem\",\"position\":5,\"name\":\"Sele\u00e7\u00e3o Brasileira se prepara para enfrentar Col\u00f4mbia e Argentina\"}]},{\"@type\":\"WebSite\",\"@id\":\"https:\\\/\\\/folhadoleste.com.br\\\/#website\",\"url\":\"https:\\\/\\\/folhadoleste.com.br\\\/\",\"name\":\"Folha do Leste\",\"description\":\"Portal de Not\u00edcias com \u00eanfase em Niter\u00f3i, criando conte\u00fados desde a capital Rio de Janeiro, com olhar para o Leste Fluminense e suas cidades como S\u00e3o Gon\u00e7alo, Itabora\u00ed, Rio Bonito, Maric\u00e1, Saquarema e Araruama\",\"publisher\":{\"@id\":\"https:\\\/\\\/folhadoleste.com.br\\\/#organization\"},\"alternateName\":\"FL\",\"potentialAction\":[{\"@type\":\"SearchAction\",\"target\":{\"@type\":\"EntryPoint\",\"urlTemplate\":\"https:\\\/\\\/folhadoleste.com.br\\\/?s={search_term_string}\"},\"query-input\":{\"@type\":\"PropertyValueSpecification\",\"valueRequired\":true,\"valueName\":\"search_term_string\"}}],\"inLanguage\":\"en-US\"},{\"@type\":\"Organization\",\"@id\":\"https:\\\/\\\/folhadoleste.com.br\\\/#organization\",\"name\":\"Brasil 21 Comunica\u00e7\u00e3o\",\"alternateName\":\"BR21\",\"url\":\"https:\\\/\\\/folhadoleste.com.br\\\/\",\"logo\":{\"@type\":\"ImageObject\",\"inLanguage\":\"en-US\",\"@id\":\"https:\\\/\\\/folhadoleste.com.br\\\/#\\\/schema\\\/logo\\\/image\\\/\",\"url\":\"https:\\\/\\\/folhadoleste.com.br\\\/wp-content\\\/uploads\\\/2025\\\/12\\\/brasil-21-logomarca.avif\",\"contentUrl\":\"https:\\\/\\\/folhadoleste.com.br\\\/wp-content\\\/uploads\\\/2025\\\/12\\\/brasil-21-logomarca.avif\",\"width\":1044,\"height\":1044,\"caption\":\"Brasil 21 Comunica\u00e7\u00e3o\"},\"image\":{\"@id\":\"https:\\\/\\\/folhadoleste.com.br\\\/#\\\/schema\\\/logo\\\/image\\\/\"},\"sameAs\":[\"https:\\\/\\\/www.facebook.com\\\/folhadoleste\",\"https:\\\/\\\/x.com\\\/FolhadoLesteRJ\",\"https:\\\/\\\/www.instagram.com\\\/folhadoleste\\\/\"]},{\"@type\":\"Person\",\"@id\":\"https:\\\/\\\/folhadoleste.com.br\\\/#\\\/schema\\\/person\\\/3e97145b2e1861276e84471aa85a3899\",\"name\":\"Folha do Leste\",\"image\":{\"@type\":\"ImageObject\",\"inLanguage\":\"en-US\",\"@id\":\"https:\\\/\\\/folhadoleste.com.br\\\/wp-content\\\/litespeed\\\/avatar\\\/1ca8c218432e7045e748610eb3db0259.jpg?ver=1777161142\",\"url\":\"https:\\\/\\\/folhadoleste.com.br\\\/wp-content\\\/litespeed\\\/avatar\\\/1ca8c218432e7045e748610eb3db0259.jpg?ver=1777161142\",\"contentUrl\":\"https:\\\/\\\/folhadoleste.com.br\\\/wp-content\\\/litespeed\\\/avatar\\\/1ca8c218432e7045e748610eb3db0259.jpg?ver=1777161142\",\"caption\":\"Folha do Leste\"},\"url\":\"https:\\\/\\\/folhadoleste.com.br\\\/en\\\/author\\\/reportagem-01\\\/\"}]}<\/script>\n<!-- \/ Yoast SEO plugin. -->","yoast_head_json":{"title":"Sele\u00e7\u00e3o Brasileira se prepara para enfrentar Col\u00f4mbia e Argentina &#8226; Folha do Leste","robots":{"index":"index","follow":"follow","max-snippet":"max-snippet:-1","max-image-preview":"max-image-preview:large","max-video-preview":"max-video-preview:-1"},"canonical":"https:\/\/folhadoleste.com.br\/wp-content\/uploads\/2025\/03\/Selecao-Brasileira-se-prepara-para-enfrentar-Colombia-e-Argentina-Foto-Rafael-Ribeiro-CBF.png","og_locale":"en_US","og_type":"article","og_title":"Sele\u00e7\u00e3o Brasileira se prepara para enfrentar Col\u00f4mbia e Argentina &#8226; Folha do Leste","og_description":"Sele\u00e7\u00e3o Brasileira se prepara para enfrentar Col\u00f4mbia e Argentina | Rafael Ribeiro\/CBF","og_url":"https:\/\/folhadoleste.com.br\/wp-content\/uploads\/2025\/03\/Selecao-Brasileira-se-prepara-para-enfrentar-Colombia-e-Argentina-Foto-Rafael-Ribeiro-CBF.png","og_site_name":"Folha do Leste","article_publisher":"https:\/\/www.facebook.com\/folhadoleste","article_modified_time":"2025-03-17T17:22:31+00:00","og_image":[{"width":1200,"height":750,"url":"https:\/\/folhadoleste.com.br\/wp-content\/uploads\/2025\/03\/Selecao-Brasileira-se-prepara-para-enfrentar-Colombia-e-Argentina-Foto-Rafael-Ribeiro-CBF.png","type":"image\/png"}],"twitter_card":"summary_large_image","twitter_site":"@FolhadoLesteRJ","schema":{"@context":"https:\/\/schema.org","@graph":[{"@type":"NewsArticle","@id":"https:\/\/folhadoleste.com.br\/wp-content\/uploads\/2025\/03\/Selecao-Brasileira-se-prepara-para-enfrentar-Colombia-e-Argentina-Foto-Rafael-Ribeiro-CBF.png#article","isPartOf":{"@id":"https:\/\/folhadoleste.com.br\/wp-content\/uploads\/2025\/03\/Selecao-Brasileira-se-prepara-para-enfrentar-Colombia-e-Argentina-Foto-Rafael-Ribeiro-CBF.png"},"author":{"name":"Folha do Leste","@id":"https:\/\/folhadoleste.com.br\/#\/schema\/person\/3e97145b2e1861276e84471aa85a3899"},"headline":"Sele\u00e7\u00e3o Brasileira se prepara para enfrentar Col\u00f4mbia e Argentina","datePublished":"2025-03-17T17:21:56+00:00","dateModified":"2025-03-17T17:22:31+00:00","mainEntityOfPage":{"@id":"https:\/\/folhadoleste.com.br\/wp-content\/uploads\/2025\/03\/Selecao-Brasileira-se-prepara-para-enfrentar-Colombia-e-Argentina-Foto-Rafael-Ribeiro-CBF.png"},"wordCount":11,"commentCount":0,"publisher":{"@id":"https:\/\/folhadoleste.com.br\/#organization"},"inLanguage":"en-US","potentialAction":[{"@type":"CommentAction","name":"Comment","target":["https:\/\/folhadoleste.com.br\/wp-content\/uploads\/2025\/03\/Selecao-Brasileira-se-prepara-para-enfrentar-Colombia-e-Argentina-Foto-Rafael-Ribeiro-CBF.png#respond"]}]},{"@type":"WebPage","@id":"https:\/\/folhadoleste.com.br\/wp-content\/uploads\/2025\/03\/Selecao-Brasileira-se-prepara-para-enfrentar-Colombia-e-Argentina-Foto-Rafael-Ribeiro-CBF.png","url":"https:\/\/folhadoleste.com.br\/wp-content\/uploads\/2025\/03\/Selecao-Brasileira-se-prepara-para-enfrentar-Colombia-e-Argentina-Foto-Rafael-Ribeiro-CBF.png","name":"Sele\u00e7\u00e3o Brasileira se prepara para enfrentar Col\u00f4mbia e Argentina &#8226; Folha do Leste","isPartOf":{"@id":"https:\/\/folhadoleste.com.br\/#website"},"datePublished":"2025-03-17T17:21:56+00:00","dateModified":"2025-03-17T17:22:31+00:00","breadcrumb":{"@id":"https:\/\/folhadoleste.com.br\/wp-content\/uploads\/2025\/03\/Selecao-Brasileira-se-prepara-para-enfrentar-Colombia-e-Argentina-Foto-Rafael-Ribeiro-CBF.png#breadcrumb"},"inLanguage":"en-US","potentialAction":[{"@type":"ReadAction","target":["https:\/\/folhadoleste.com.br\/wp-content\/uploads\/2025\/03\/Selecao-Brasileira-se-prepara-para-enfrentar-Colombia-e-Argentina-Foto-Rafael-Ribeiro-CBF.png"]}]},{"@type":"BreadcrumbList","@id":"https:\/\/folhadoleste.com.br\/wp-content\/uploads\/2025\/03\/Selecao-Brasileira-se-prepara-para-enfrentar-Colombia-e-Argentina-Foto-Rafael-Ribeiro-CBF.png#breadcrumb","itemListElement":[{"@type":"ListItem","position":1,"name":"In\u00edcio","item":"https:\/\/folhadoleste.com.br\/"},{"@type":"ListItem","position":2,"name":"Esportes","item":"https:\/\/folhadoleste.com.br\/category\/esportes\/"},{"@type":"ListItem","position":3,"name":"Futebol","item":"https:\/\/folhadoleste.com.br\/category\/esportes\/futebol-esportes\/"},{"@type":"ListItem","position":4,"name":"Sele\u00e7\u00e3o Brasileira se prepara para enfrentar Col\u00f4mbia e Argentina","item":"https:\/\/folhadoleste.com.br\/selecao-brasileira-se-prepara-para-enfrentar-colombia-e-argentina\/"},{"@type":"ListItem","position":5,"name":"Sele\u00e7\u00e3o Brasileira se prepara para enfrentar Col\u00f4mbia e Argentina"}]},{"@type":"WebSite","@id":"https:\/\/folhadoleste.com.br\/#website","url":"https:\/\/folhadoleste.com.br\/","name":"Folha do Leste","description":"Portal de Not\u00edcias com \u00eanfase em Niter\u00f3i, criando conte\u00fados desde a capital Rio de Janeiro, com olhar para o Leste Fluminense e suas cidades como S\u00e3o Gon\u00e7alo, Itabora\u00ed, Rio Bonito, Maric\u00e1, Saquarema e Araruama","publisher":{"@id":"https:\/\/folhadoleste.com.br\/#organization"},"alternateName":"FL","potentialAction":[{"@type":"SearchAction","target":{"@type":"EntryPoint","urlTemplate":"https:\/\/folhadoleste.com.br\/?s={search_term_string}"},"query-input":{"@type":"PropertyValueSpecification","valueRequired":true,"valueName":"search_term_string"}}],"inLanguage":"en-US"},{"@type":"Organization","@id":"https:\/\/folhadoleste.com.br\/#organization","name":"Brasil 21 Comunica\u00e7\u00e3o","alternateName":"BR21","url":"https:\/\/folhadoleste.com.br\/","logo":{"@type":"ImageObject","inLanguage":"en-US","@id":"https:\/\/folhadoleste.com.br\/#\/schema\/logo\/image\/","url":"https:\/\/folhadoleste.com.br\/wp-content\/uploads\/2025\/12\/brasil-21-logomarca.avif","contentUrl":"https:\/\/folhadoleste.com.br\/wp-content\/uploads\/2025\/12\/brasil-21-logomarca.avif","width":1044,"height":1044,"caption":"Brasil 21 Comunica\u00e7\u00e3o"},"image":{"@id":"https:\/\/folhadoleste.com.br\/#\/schema\/logo\/image\/"},"sameAs":["https:\/\/www.facebook.com\/folhadoleste","https:\/\/x.com\/FolhadoLesteRJ","https:\/\/www.instagram.com\/folhadoleste\/"]},{"@type":"Person","@id":"https:\/\/folhadoleste.com.br\/#\/schema\/person\/3e97145b2e1861276e84471aa85a3899","name":"Folha do Leste","image":{"@type":"ImageObject","inLanguage":"en-US","@id":"https:\/\/folhadoleste.com.br\/wp-content\/litespeed\/avatar\/1ca8c218432e7045e748610eb3db0259.jpg?ver=1777161142","url":"https:\/\/folhadoleste.com.br\/wp-content\/litespeed\/avatar\/1ca8c218432e7045e748610eb3db0259.jpg?ver=1777161142","contentUrl":"https:\/\/folhadoleste.com.br\/wp-content\/litespeed\/avatar\/1ca8c218432e7045e748610eb3db0259.jpg?ver=1777161142","caption":"Folha do Leste"},"url":"https:\/\/folhadoleste.com.br\/en\/author\/reportagem-01\/"}]}},"description":{"rendered":"<p class=\"attachment\"><a href='https:\/\/folhadoleste.com.br\/wp-content\/uploads\/2025\/03\/Selecao-Brasileira-se-prepara-para-enfrentar-Colombia-e-Argentina-Foto-Rafael-Ribeiro-CBF.png'><img decoding=\"async\" width=\"300\" height=\"188\" src=\"https:\/\/folhadoleste.com.br\/wp-content\/uploads\/2025\/03\/Selecao-Brasileira-se-prepara-para-enfrentar-Colombia-e-Argentina-Foto-Rafael-Ribeiro-CBF-300x188.png\" class=\"attachment-medium size-medium\" alt=\"\" \/><\/a><\/p>\n"},"caption":{"rendered":"<p>Sele\u00e7\u00e3o Brasileira se prepara para enfrentar Col\u00f4mbia e Argentina | Rafael Ribeiro\/CBF<\/p>\n"},"alt_text":"","media_type":"image","mime_type":"image\/png","media_details":{"width":1200,"height":750,"file":"2025\/03\/Selecao-Brasileira-se-prepara-para-enfrentar-Colombia-e-Argentina-Foto-Rafael-Ribeiro-CBF.png","filesize":936467,"sizes":{"medium":{"file":"Selecao-Brasileira-se-prepara-para-enfrentar-Colombia-e-Argentina-Foto-Rafael-Ribeiro-CBF-300x188.png","width":300,"height":188,"filesize":88621,"mime_type":"image\/png","source_url":"https:\/\/folhadoleste.com.br\/wp-content\/uploads\/2025\/03\/Selecao-Brasileira-se-prepara-para-enfrentar-Colombia-e-Argentina-Foto-Rafael-Ribeiro-CBF-300x188.png"},"large":{"file":"Selecao-Brasileira-se-prepara-para-enfrentar-Colombia-e-Argentina-Foto-Rafael-Ribeiro-CBF-1024x640.png","width":1024,"height":640,"filesize":679631,"mime_type":"image\/png","source_url":"https:\/\/folhadoleste.com.br\/wp-content\/uploads\/2025\/03\/Selecao-Brasileira-se-prepara-para-enfrentar-Colombia-e-Argentina-Foto-Rafael-Ribeiro-CBF-1024x640.png"},"thumbnail":{"file":"Selecao-Brasileira-se-prepara-para-enfrentar-Colombia-e-Argentina-Foto-Rafael-Ribeiro-CBF-150x150.png","width":150,"height":150,"filesize":39754,"mime_type":"image\/png","source_url":"https:\/\/folhadoleste.com.br\/wp-content\/uploads\/2025\/03\/Selecao-Brasileira-se-prepara-para-enfrentar-Colombia-e-Argentina-Foto-Rafael-Ribeiro-CBF-150x150.png"},"ceris-xxxs-1_1":{"file":"Selecao-Brasileira-se-prepara-para-enfrentar-Colombia-e-Argentina-Foto-Rafael-Ribeiro-CBF-70x70.png","width":70,"height":70,"filesize":10418,"mime_type":"image\/png","source_url":"https:\/\/folhadoleste.com.br\/wp-content\/uploads\/2025\/03\/Selecao-Brasileira-se-prepara-para-enfrentar-Colombia-e-Argentina-Foto-Rafael-Ribeiro-CBF-70x70.png"},"ceris-xxs-4_3":{"file":"Selecao-Brasileira-se-prepara-para-enfrentar-Colombia-e-Argentina-Foto-Rafael-Ribeiro-CBF-180x135.png","width":180,"height":135,"filesize":42302,"mime_type":"image\/png","source_url":"https:\/\/folhadoleste.com.br\/wp-content\/uploads\/2025\/03\/Selecao-Brasileira-se-prepara-para-enfrentar-Colombia-e-Argentina-Foto-Rafael-Ribeiro-CBF-180x135.png"},"ceris-xxs-1_1":{"file":"Selecao-Brasileira-se-prepara-para-enfrentar-Colombia-e-Argentina-Foto-Rafael-Ribeiro-CBF-180x180.png","width":180,"height":180,"filesize":54426,"mime_type":"image\/png","source_url":"https:\/\/folhadoleste.com.br\/wp-content\/uploads\/2025\/03\/Selecao-Brasileira-se-prepara-para-enfrentar-Colombia-e-Argentina-Foto-Rafael-Ribeiro-CBF-180x180.png"},"ceris-xs-16_9 400x225":{"file":"Selecao-Brasileira-se-prepara-para-enfrentar-Colombia-e-Argentina-Foto-Rafael-Ribeiro-CBF-400x225.png","width":400,"height":225,"filesize":131933,"mime_type":"image\/png","source_url":"https:\/\/folhadoleste.com.br\/wp-content\/uploads\/2025\/03\/Selecao-Brasileira-se-prepara-para-enfrentar-Colombia-e-Argentina-Foto-Rafael-Ribeiro-CBF-400x225.png"},"ceris-xs-4_3":{"file":"Selecao-Brasileira-se-prepara-para-enfrentar-Colombia-e-Argentina-Foto-Rafael-Ribeiro-CBF-400x300.png","width":400,"height":300,"filesize":163268,"mime_type":"image\/png","source_url":"https:\/\/folhadoleste.com.br\/wp-content\/uploads\/2025\/03\/Selecao-Brasileira-se-prepara-para-enfrentar-Colombia-e-Argentina-Foto-Rafael-Ribeiro-CBF-400x300.png"},"ceris-xs-2_1":{"file":"Selecao-Brasileira-se-prepara-para-enfrentar-Colombia-e-Argentina-Foto-Rafael-Ribeiro-CBF-400x200.png","width":400,"height":200,"filesize":118817,"mime_type":"image\/png","source_url":"https:\/\/folhadoleste.com.br\/wp-content\/uploads\/2025\/03\/Selecao-Brasileira-se-prepara-para-enfrentar-Colombia-e-Argentina-Foto-Rafael-Ribeiro-CBF-400x200.png"},"ceris-xs-1_1":{"file":"Selecao-Brasileira-se-prepara-para-enfrentar-Colombia-e-Argentina-Foto-Rafael-Ribeiro-CBF-400x400.png","width":400,"height":400,"filesize":207627,"mime_type":"image\/png","source_url":"https:\/\/folhadoleste.com.br\/wp-content\/uploads\/2025\/03\/Selecao-Brasileira-se-prepara-para-enfrentar-Colombia-e-Argentina-Foto-Rafael-Ribeiro-CBF-400x400.png"},"ceris-xs-16_9":{"file":"Selecao-Brasileira-se-prepara-para-enfrentar-Colombia-e-Argentina-Foto-Rafael-Ribeiro-CBF-600x338.png","width":600,"height":338,"filesize":257231,"mime_type":"image\/png","source_url":"https:\/\/folhadoleste.com.br\/wp-content\/uploads\/2025\/03\/Selecao-Brasileira-se-prepara-para-enfrentar-Colombia-e-Argentina-Foto-Rafael-Ribeiro-CBF-600x338.png"},"ceris-s-4_3":{"file":"Selecao-Brasileira-se-prepara-para-enfrentar-Colombia-e-Argentina-Foto-Rafael-Ribeiro-CBF-600x450.png","width":600,"height":450,"filesize":321747,"mime_type":"image\/png","source_url":"https:\/\/folhadoleste.com.br\/wp-content\/uploads\/2025\/03\/Selecao-Brasileira-se-prepara-para-enfrentar-Colombia-e-Argentina-Foto-Rafael-Ribeiro-CBF-600x450.png"},"ceris-s-2_1":{"file":"Selecao-Brasileira-se-prepara-para-enfrentar-Colombia-e-Argentina-Foto-Rafael-Ribeiro-CBF-600x300.png","width":600,"height":300,"filesize":231383,"mime_type":"image\/png","source_url":"https:\/\/folhadoleste.com.br\/wp-content\/uploads\/2025\/03\/Selecao-Brasileira-se-prepara-para-enfrentar-Colombia-e-Argentina-Foto-Rafael-Ribeiro-CBF-600x300.png"},"ceris-s-1_1":{"file":"Selecao-Brasileira-se-prepara-para-enfrentar-Colombia-e-Argentina-Foto-Rafael-Ribeiro-CBF-600x600.png","width":600,"height":600,"filesize":402315,"mime_type":"image\/png","source_url":"https:\/\/folhadoleste.com.br\/wp-content\/uploads\/2025\/03\/Selecao-Brasileira-se-prepara-para-enfrentar-Colombia-e-Argentina-Foto-Rafael-Ribeiro-CBF-600x600.png"},"ceris-m-16_9":{"file":"Selecao-Brasileira-se-prepara-para-enfrentar-Colombia-e-Argentina-Foto-Rafael-Ribeiro-CBF-800x450.png","width":800,"height":450,"filesize":415902,"mime_type":"image\/png","source_url":"https:\/\/folhadoleste.com.br\/wp-content\/uploads\/2025\/03\/Selecao-Brasileira-se-prepara-para-enfrentar-Colombia-e-Argentina-Foto-Rafael-Ribeiro-CBF-800x450.png"},"ceris-m-4_3":{"file":"Selecao-Brasileira-se-prepara-para-enfrentar-Colombia-e-Argentina-Foto-Rafael-Ribeiro-CBF-800x600.png","width":800,"height":600,"filesize":512783,"mime_type":"image\/png","source_url":"https:\/\/folhadoleste.com.br\/wp-content\/uploads\/2025\/03\/Selecao-Brasileira-se-prepara-para-enfrentar-Colombia-e-Argentina-Foto-Rafael-Ribeiro-CBF-800x600.png"},"ceris-m-2_1":{"file":"Selecao-Brasileira-se-prepara-para-enfrentar-Colombia-e-Argentina-Foto-Rafael-Ribeiro-CBF-800x400.png","width":800,"height":400,"filesize":374055,"mime_type":"image\/png","source_url":"https:\/\/folhadoleste.com.br\/wp-content\/uploads\/2025\/03\/Selecao-Brasileira-se-prepara-para-enfrentar-Colombia-e-Argentina-Foto-Rafael-Ribeiro-CBF-800x400.png"},"ceris-m-auto":{"file":"Selecao-Brasileira-se-prepara-para-enfrentar-Colombia-e-Argentina-Foto-Rafael-Ribeiro-CBF-800x500.png","width":800,"height":500,"filesize":450841,"mime_type":"image\/png","source_url":"https:\/\/folhadoleste.com.br\/wp-content\/uploads\/2025\/03\/Selecao-Brasileira-se-prepara-para-enfrentar-Colombia-e-Argentina-Foto-Rafael-Ribeiro-CBF-800x500.png"},"ceris-l-16_9":{"file":"Selecao-Brasileira-se-prepara-para-enfrentar-Colombia-e-Argentina-Foto-Rafael-Ribeiro-CBF-1200x675.png","width":1200,"height":675,"filesize":848013,"mime_type":"image\/png","source_url":"https:\/\/folhadoleste.com.br\/wp-content\/uploads\/2025\/03\/Selecao-Brasileira-se-prepara-para-enfrentar-Colombia-e-Argentina-Foto-Rafael-Ribeiro-CBF-1200x675.png"},"ceris-l-2_1":{"file":"Selecao-Brasileira-se-prepara-para-enfrentar-Colombia-e-Argentina-Foto-Rafael-Ribeiro-CBF-1200x600.png","width":1200,"height":600,"filesize":761724,"mime_type":"image\/png","source_url":"https:\/\/folhadoleste.com.br\/wp-content\/uploads\/2025\/03\/Selecao-Brasileira-se-prepara-para-enfrentar-Colombia-e-Argentina-Foto-Rafael-Ribeiro-CBF-1200x600.png"},"full":{"file":"Selecao-Brasileira-se-prepara-para-enfrentar-Colombia-e-Argentina-Foto-Rafael-Ribeiro-CBF.png","width":1200,"height":750,"mime_type":"image\/png","source_url":"https:\/\/folhadoleste.com.br\/wp-content\/uploads\/2025\/03\/Selecao-Brasileira-se-prepara-para-enfrentar-Colombia-e-Argentina-Foto-Rafael-Ribeiro-CBF.png"}},"image_meta":{"aperture":"0","credit":"","camera":"","caption":"","created_timestamp":"0","copyright":"","focal_length":"0","iso":"0","shutter_speed":"0","title":"","orientation":"0","keywords":[]}},"post":114793,"source_url":"https:\/\/folhadoleste.com.br\/wp-content\/uploads\/2025\/03\/Selecao-Brasileira-se-prepara-para-enfrentar-Colombia-e-Argentina-Foto-Rafael-Ribeiro-CBF.png","_links":{"self":[{"href":"https:\/\/folhadoleste.com.br\/en\/wp-json\/wp\/v2\/media\/114803","targetHints":{"allow":["GET"]}}],"collection":[{"href":"https:\/\/folhadoleste.com.br\/en\/wp-json\/wp\/v2\/media"}],"about":[{"href":"https:\/\/folhadoleste.com.br\/en\/wp-json\/wp\/v2\/types\/attachment"}],"author":[{"embeddable":true,"href":"https:\/\/folhadoleste.com.br\/en\/wp-json\/wp\/v2\/users\/4"}],"replies":[{"embeddable":true,"href":"https:\/\/folhadoleste.com.br\/en\/wp-json\/wp\/v2\/comments?post=114803"}],"wp:attached-to":[{"embeddable":true,"post_type":"post","id":114793,"href":"https:\/\/folhadoleste.com.br\/en\/wp-json\/wp\/v2\/posts\/114793"}],"curies":[{"name":"wp","href":"https:\/\/api.w.org\/{rel}","templated":true}]}}