{"id":107175,"date":"2025-01-27T18:55:23","date_gmt":"2025-01-27T21:55:23","guid":{"rendered":"https:\/\/folhadoleste.com.br\/wp-content\/uploads\/2025\/01\/Oscar-Globo.jpg"},"modified":"2025-01-27T18:55:23","modified_gmt":"2025-01-27T21:55:23","slug":"oscar-globo","status":"inherit","type":"attachment","link":"https:\/\/folhadoleste.com.br\/en\/transmissao-do-oscar-por-tv-aberta-no-brasil-esta-indefinida-globo-nao-comprou-direitos\/oscar-globo\/","title":{"rendered":"Oscar Globo"},"author":2,"featured_media":0,"comment_status":"open","ping_status":"closed","template":"","meta":[],"class_list":["post-107175","attachment","type-attachment","status-inherit","hentry","post--single"],"yoast_head":"<!-- This site is optimized with the Yoast SEO plugin v27.4 - https:\/\/yoast.com\/product\/yoast-seo-wordpress\/ -->\n<title>Oscar Globo &#8226; Folha do Leste<\/title>\n<meta name=\"robots\" content=\"index, follow, max-snippet:-1, max-image-preview:large, max-video-preview:-1\" \/>\n<link rel=\"canonical\" href=\"https:\/\/folhadoleste.com.br\/wp-content\/uploads\/2025\/01\/Oscar-Globo.jpg\" \/>\n<meta property=\"og:locale\" content=\"en_US\" \/>\n<meta property=\"og:type\" content=\"article\" \/>\n<meta property=\"og:title\" content=\"Oscar Globo &#8226; Folha do Leste\" \/>\n<meta property=\"og:url\" content=\"https:\/\/folhadoleste.com.br\/wp-content\/uploads\/2025\/01\/Oscar-Globo.jpg\" \/>\n<meta property=\"og:site_name\" content=\"Folha do Leste\" \/>\n<meta property=\"article:publisher\" content=\"https:\/\/www.facebook.com\/folhadoleste\" \/>\n<meta property=\"og:image\" content=\"https:\/\/folhadoleste.com.br\/wp-content\/uploads\/2025\/01\/Oscar-Globo.jpg\" \/>\n\t<meta property=\"og:image:width\" content=\"1300\" \/>\n\t<meta property=\"og:image:height\" content=\"700\" \/>\n\t<meta property=\"og:image:type\" content=\"image\/jpeg\" \/>\n<meta name=\"twitter:card\" content=\"summary_large_image\" \/>\n<meta name=\"twitter:site\" content=\"@FolhadoLesteRJ\" \/>\n<script type=\"application\/ld+json\" class=\"yoast-schema-graph\">{\"@context\":\"https:\\\/\\\/schema.org\",\"@graph\":[{\"@type\":\"NewsArticle\",\"@id\":\"https:\\\/\\\/folhadoleste.com.br\\\/wp-content\\\/uploads\\\/2025\\\/01\\\/Oscar-Globo.jpg#article\",\"isPartOf\":{\"@id\":\"https:\\\/\\\/folhadoleste.com.br\\\/wp-content\\\/uploads\\\/2025\\\/01\\\/Oscar-Globo.jpg\"},\"author\":{\"name\":\"Andr\u00e9 Freitas\",\"@id\":\"https:\\\/\\\/folhadoleste.com.br\\\/#\\\/schema\\\/person\\\/7df02ce7ce01cc6d79b740381f6f5446\"},\"headline\":\"Oscar Globo\",\"datePublished\":\"2025-01-27T21:55:23+00:00\",\"mainEntityOfPage\":{\"@id\":\"https:\\\/\\\/folhadoleste.com.br\\\/wp-content\\\/uploads\\\/2025\\\/01\\\/Oscar-Globo.jpg\"},\"wordCount\":2,\"commentCount\":0,\"publisher\":{\"@id\":\"https:\\\/\\\/folhadoleste.com.br\\\/#organization\"},\"inLanguage\":\"en-US\",\"potentialAction\":[{\"@type\":\"CommentAction\",\"name\":\"Comment\",\"target\":[\"https:\\\/\\\/folhadoleste.com.br\\\/wp-content\\\/uploads\\\/2025\\\/01\\\/Oscar-Globo.jpg#respond\"]}]},{\"@type\":\"WebPage\",\"@id\":\"https:\\\/\\\/folhadoleste.com.br\\\/wp-content\\\/uploads\\\/2025\\\/01\\\/Oscar-Globo.jpg\",\"url\":\"https:\\\/\\\/folhadoleste.com.br\\\/wp-content\\\/uploads\\\/2025\\\/01\\\/Oscar-Globo.jpg\",\"name\":\"Oscar Globo &#8226; Folha do Leste\",\"isPartOf\":{\"@id\":\"https:\\\/\\\/folhadoleste.com.br\\\/#website\"},\"datePublished\":\"2025-01-27T21:55:23+00:00\",\"breadcrumb\":{\"@id\":\"https:\\\/\\\/folhadoleste.com.br\\\/wp-content\\\/uploads\\\/2025\\\/01\\\/Oscar-Globo.jpg#breadcrumb\"},\"inLanguage\":\"en-US\",\"potentialAction\":[{\"@type\":\"ReadAction\",\"target\":[\"https:\\\/\\\/folhadoleste.com.br\\\/wp-content\\\/uploads\\\/2025\\\/01\\\/Oscar-Globo.jpg\"]}]},{\"@type\":\"BreadcrumbList\",\"@id\":\"https:\\\/\\\/folhadoleste.com.br\\\/wp-content\\\/uploads\\\/2025\\\/01\\\/Oscar-Globo.jpg#breadcrumb\",\"itemListElement\":[{\"@type\":\"ListItem\",\"position\":1,\"name\":\"In\u00edcio\",\"item\":\"https:\\\/\\\/folhadoleste.com.br\\\/\"},{\"@type\":\"ListItem\",\"position\":2,\"name\":\"Entretenimento, Artes e Cultura\",\"item\":\"https:\\\/\\\/folhadoleste.com.br\\\/category\\\/entretenimento-artes-e-cultura-destaque\\\/\"},{\"@type\":\"ListItem\",\"position\":3,\"name\":\"Transmiss\u00e3o do Oscar por TV aberta no Brasil est\u00e1 indefinida; Globo n\u00e3o comprou direitos\",\"item\":\"https:\\\/\\\/folhadoleste.com.br\\\/transmissao-do-oscar-por-tv-aberta-no-brasil-esta-indefinida-globo-nao-comprou-direitos\\\/\"},{\"@type\":\"ListItem\",\"position\":4,\"name\":\"Oscar Globo\"}]},{\"@type\":\"WebSite\",\"@id\":\"https:\\\/\\\/folhadoleste.com.br\\\/#website\",\"url\":\"https:\\\/\\\/folhadoleste.com.br\\\/\",\"name\":\"Folha do Leste\",\"description\":\"Portal de Not\u00edcias com \u00eanfase em Niter\u00f3i, criando conte\u00fados desde a capital Rio de Janeiro, com olhar para o Leste Fluminense e suas cidades como S\u00e3o Gon\u00e7alo, Itabora\u00ed, Rio Bonito, Maric\u00e1, Saquarema e Araruama\",\"publisher\":{\"@id\":\"https:\\\/\\\/folhadoleste.com.br\\\/#organization\"},\"alternateName\":\"FL\",\"potentialAction\":[{\"@type\":\"SearchAction\",\"target\":{\"@type\":\"EntryPoint\",\"urlTemplate\":\"https:\\\/\\\/folhadoleste.com.br\\\/?s={search_term_string}\"},\"query-input\":{\"@type\":\"PropertyValueSpecification\",\"valueRequired\":true,\"valueName\":\"search_term_string\"}}],\"inLanguage\":\"en-US\"},{\"@type\":\"Organization\",\"@id\":\"https:\\\/\\\/folhadoleste.com.br\\\/#organization\",\"name\":\"Brasil 21 Comunica\u00e7\u00e3o\",\"alternateName\":\"BR21\",\"url\":\"https:\\\/\\\/folhadoleste.com.br\\\/\",\"logo\":{\"@type\":\"ImageObject\",\"inLanguage\":\"en-US\",\"@id\":\"https:\\\/\\\/folhadoleste.com.br\\\/#\\\/schema\\\/logo\\\/image\\\/\",\"url\":\"https:\\\/\\\/folhadoleste.com.br\\\/wp-content\\\/uploads\\\/2025\\\/12\\\/brasil-21-logomarca.avif\",\"contentUrl\":\"https:\\\/\\\/folhadoleste.com.br\\\/wp-content\\\/uploads\\\/2025\\\/12\\\/brasil-21-logomarca.avif\",\"width\":1044,\"height\":1044,\"caption\":\"Brasil 21 Comunica\u00e7\u00e3o\"},\"image\":{\"@id\":\"https:\\\/\\\/folhadoleste.com.br\\\/#\\\/schema\\\/logo\\\/image\\\/\"},\"sameAs\":[\"https:\\\/\\\/www.facebook.com\\\/folhadoleste\",\"https:\\\/\\\/x.com\\\/FolhadoLesteRJ\",\"https:\\\/\\\/www.instagram.com\\\/folhadoleste\\\/\"]},{\"@type\":\"Person\",\"@id\":\"https:\\\/\\\/folhadoleste.com.br\\\/#\\\/schema\\\/person\\\/7df02ce7ce01cc6d79b740381f6f5446\",\"name\":\"Andr\u00e9 Freitas\",\"pronouns\":\"Ele\\\/dele\",\"image\":{\"@type\":\"ImageObject\",\"inLanguage\":\"en-US\",\"@id\":\"https:\\\/\\\/folhadoleste.com.br\\\/wp-content\\\/litespeed\\\/avatar\\\/0357fd225fa38935ec9aabab3531fa5e.jpg?ver=1777161141\",\"url\":\"https:\\\/\\\/folhadoleste.com.br\\\/wp-content\\\/litespeed\\\/avatar\\\/0357fd225fa38935ec9aabab3531fa5e.jpg?ver=1777161141\",\"contentUrl\":\"https:\\\/\\\/folhadoleste.com.br\\\/wp-content\\\/litespeed\\\/avatar\\\/0357fd225fa38935ec9aabab3531fa5e.jpg?ver=1777161141\",\"caption\":\"Andr\u00e9 Freitas\"},\"description\":\"Andr\u00e9 Freitas \u00e9 diretor-executivo e rep\u00f3rter do Folha do Leste e da Brasil 21 Comunica\u00e7\u00e3o. Jornalista e radialista desde a d\u00e9cada de 1990, \u00e9 narrador esportivo e cronista especializado em Carnaval, com 26 coberturas presenciais na Marqu\u00eas de Sapuca\u00ed. Possui ampla experi\u00eancia na cobertura da editoria de pol\u00edtica, em raz\u00e3o de fun\u00e7\u00f5es exercidas nos poderes Legislativo e Executivo, com atua\u00e7\u00e3o nas C\u00e2maras Municipais de Niter\u00f3i, S\u00e3o Gon\u00e7alo e Campos dos Goytacazes, al\u00e9m da Assembleia Legislativa do Estado do Rio de Janeiro (Alerj) e da Prefeitura de Niter\u00f3i. Dirigiu por 15 anos a R\u00e1dio Absoluta, onde apresentou programas noticiosos di\u00e1rios e conduziu coberturas esportivas, incluindo mais de uma d\u00e9cada acompanhando a sele\u00e7\u00e3o brasileira de futebol. Nesse per\u00edodo, esteve presente em duas Copas do Mundo e em uma edi\u00e7\u00e3o dos Jogos Ol\u00edmpicos. Trabalhou tamb\u00e9m nas r\u00e1dios Campos Difusora (Campos\\\/RJ) e Litor\u00e2nea (ES). Exerceu o cargo de editor-chefe nos jornais Olho Vivo (Niter\u00f3i\\\/RJ) e A Tribuna (Niter\u00f3i\\\/RJ), al\u00e9m de atuar como colunista do jornal O Di\u00e1rio (Campos dos Goytacazes\\\/RJ).\",\"sameAs\":[\"https:\\\/\\\/folhadoleste.com.br\",\"https:\\\/\\\/www.facebook.com\\\/reporter.andrefreitas\\\/\",\"https:\\\/\\\/www.instagram.com\\\/andrefreitas.jornalista\\\/\",\"www.linkedin.com\\\/in\\\/andr\u00e9-freitas-jornalista\",\"https:\\\/\\\/x.com\\\/andrefreitas_fl\"],\"url\":\"https:\\\/\\\/folhadoleste.com.br\\\/en\\\/author\\\/andrefreitas\\\/\"}]}<\/script>\n<!-- \/ Yoast SEO plugin. -->","yoast_head_json":{"title":"Oscar Globo &#8226; Folha do Leste","robots":{"index":"index","follow":"follow","max-snippet":"max-snippet:-1","max-image-preview":"max-image-preview:large","max-video-preview":"max-video-preview:-1"},"canonical":"https:\/\/folhadoleste.com.br\/wp-content\/uploads\/2025\/01\/Oscar-Globo.jpg","og_locale":"en_US","og_type":"article","og_title":"Oscar Globo &#8226; Folha do Leste","og_url":"https:\/\/folhadoleste.com.br\/wp-content\/uploads\/2025\/01\/Oscar-Globo.jpg","og_site_name":"Folha do Leste","article_publisher":"https:\/\/www.facebook.com\/folhadoleste","og_image":[{"width":1300,"height":700,"url":"https:\/\/folhadoleste.com.br\/wp-content\/uploads\/2025\/01\/Oscar-Globo.jpg","type":"image\/jpeg"}],"twitter_card":"summary_large_image","twitter_site":"@FolhadoLesteRJ","schema":{"@context":"https:\/\/schema.org","@graph":[{"@type":"NewsArticle","@id":"https:\/\/folhadoleste.com.br\/wp-content\/uploads\/2025\/01\/Oscar-Globo.jpg#article","isPartOf":{"@id":"https:\/\/folhadoleste.com.br\/wp-content\/uploads\/2025\/01\/Oscar-Globo.jpg"},"author":{"name":"Andr\u00e9 Freitas","@id":"https:\/\/folhadoleste.com.br\/#\/schema\/person\/7df02ce7ce01cc6d79b740381f6f5446"},"headline":"Oscar Globo","datePublished":"2025-01-27T21:55:23+00:00","mainEntityOfPage":{"@id":"https:\/\/folhadoleste.com.br\/wp-content\/uploads\/2025\/01\/Oscar-Globo.jpg"},"wordCount":2,"commentCount":0,"publisher":{"@id":"https:\/\/folhadoleste.com.br\/#organization"},"inLanguage":"en-US","potentialAction":[{"@type":"CommentAction","name":"Comment","target":["https:\/\/folhadoleste.com.br\/wp-content\/uploads\/2025\/01\/Oscar-Globo.jpg#respond"]}]},{"@type":"WebPage","@id":"https:\/\/folhadoleste.com.br\/wp-content\/uploads\/2025\/01\/Oscar-Globo.jpg","url":"https:\/\/folhadoleste.com.br\/wp-content\/uploads\/2025\/01\/Oscar-Globo.jpg","name":"Oscar Globo &#8226; Folha do Leste","isPartOf":{"@id":"https:\/\/folhadoleste.com.br\/#website"},"datePublished":"2025-01-27T21:55:23+00:00","breadcrumb":{"@id":"https:\/\/folhadoleste.com.br\/wp-content\/uploads\/2025\/01\/Oscar-Globo.jpg#breadcrumb"},"inLanguage":"en-US","potentialAction":[{"@type":"ReadAction","target":["https:\/\/folhadoleste.com.br\/wp-content\/uploads\/2025\/01\/Oscar-Globo.jpg"]}]},{"@type":"BreadcrumbList","@id":"https:\/\/folhadoleste.com.br\/wp-content\/uploads\/2025\/01\/Oscar-Globo.jpg#breadcrumb","itemListElement":[{"@type":"ListItem","position":1,"name":"In\u00edcio","item":"https:\/\/folhadoleste.com.br\/"},{"@type":"ListItem","position":2,"name":"Entretenimento, Artes e Cultura","item":"https:\/\/folhadoleste.com.br\/category\/entretenimento-artes-e-cultura-destaque\/"},{"@type":"ListItem","position":3,"name":"Transmiss\u00e3o do Oscar por TV aberta no Brasil est\u00e1 indefinida; Globo n\u00e3o comprou direitos","item":"https:\/\/folhadoleste.com.br\/transmissao-do-oscar-por-tv-aberta-no-brasil-esta-indefinida-globo-nao-comprou-direitos\/"},{"@type":"ListItem","position":4,"name":"Oscar Globo"}]},{"@type":"WebSite","@id":"https:\/\/folhadoleste.com.br\/#website","url":"https:\/\/folhadoleste.com.br\/","name":"Folha do Leste","description":"Portal de Not\u00edcias com \u00eanfase em Niter\u00f3i, criando conte\u00fados desde a capital Rio de Janeiro, com olhar para o Leste Fluminense e suas cidades como S\u00e3o Gon\u00e7alo, Itabora\u00ed, Rio Bonito, Maric\u00e1, Saquarema e Araruama","publisher":{"@id":"https:\/\/folhadoleste.com.br\/#organization"},"alternateName":"FL","potentialAction":[{"@type":"SearchAction","target":{"@type":"EntryPoint","urlTemplate":"https:\/\/folhadoleste.com.br\/?s={search_term_string}"},"query-input":{"@type":"PropertyValueSpecification","valueRequired":true,"valueName":"search_term_string"}}],"inLanguage":"en-US"},{"@type":"Organization","@id":"https:\/\/folhadoleste.com.br\/#organization","name":"Brasil 21 Comunica\u00e7\u00e3o","alternateName":"BR21","url":"https:\/\/folhadoleste.com.br\/","logo":{"@type":"ImageObject","inLanguage":"en-US","@id":"https:\/\/folhadoleste.com.br\/#\/schema\/logo\/image\/","url":"https:\/\/folhadoleste.com.br\/wp-content\/uploads\/2025\/12\/brasil-21-logomarca.avif","contentUrl":"https:\/\/folhadoleste.com.br\/wp-content\/uploads\/2025\/12\/brasil-21-logomarca.avif","width":1044,"height":1044,"caption":"Brasil 21 Comunica\u00e7\u00e3o"},"image":{"@id":"https:\/\/folhadoleste.com.br\/#\/schema\/logo\/image\/"},"sameAs":["https:\/\/www.facebook.com\/folhadoleste","https:\/\/x.com\/FolhadoLesteRJ","https:\/\/www.instagram.com\/folhadoleste\/"]},{"@type":"Person","@id":"https:\/\/folhadoleste.com.br\/#\/schema\/person\/7df02ce7ce01cc6d79b740381f6f5446","name":"Andr\u00e9 Freitas","pronouns":"Ele\/dele","image":{"@type":"ImageObject","inLanguage":"en-US","@id":"https:\/\/folhadoleste.com.br\/wp-content\/litespeed\/avatar\/0357fd225fa38935ec9aabab3531fa5e.jpg?ver=1777161141","url":"https:\/\/folhadoleste.com.br\/wp-content\/litespeed\/avatar\/0357fd225fa38935ec9aabab3531fa5e.jpg?ver=1777161141","contentUrl":"https:\/\/folhadoleste.com.br\/wp-content\/litespeed\/avatar\/0357fd225fa38935ec9aabab3531fa5e.jpg?ver=1777161141","caption":"Andr\u00e9 Freitas"},"description":"Andr\u00e9 Freitas \u00e9 diretor-executivo e rep\u00f3rter do Folha do Leste e da Brasil 21 Comunica\u00e7\u00e3o. Jornalista e radialista desde a d\u00e9cada de 1990, \u00e9 narrador esportivo e cronista especializado em Carnaval, com 26 coberturas presenciais na Marqu\u00eas de Sapuca\u00ed. Possui ampla experi\u00eancia na cobertura da editoria de pol\u00edtica, em raz\u00e3o de fun\u00e7\u00f5es exercidas nos poderes Legislativo e Executivo, com atua\u00e7\u00e3o nas C\u00e2maras Municipais de Niter\u00f3i, S\u00e3o Gon\u00e7alo e Campos dos Goytacazes, al\u00e9m da Assembleia Legislativa do Estado do Rio de Janeiro (Alerj) e da Prefeitura de Niter\u00f3i. Dirigiu por 15 anos a R\u00e1dio Absoluta, onde apresentou programas noticiosos di\u00e1rios e conduziu coberturas esportivas, incluindo mais de uma d\u00e9cada acompanhando a sele\u00e7\u00e3o brasileira de futebol. Nesse per\u00edodo, esteve presente em duas Copas do Mundo e em uma edi\u00e7\u00e3o dos Jogos Ol\u00edmpicos. Trabalhou tamb\u00e9m nas r\u00e1dios Campos Difusora (Campos\/RJ) e Litor\u00e2nea (ES). Exerceu o cargo de editor-chefe nos jornais Olho Vivo (Niter\u00f3i\/RJ) e A Tribuna (Niter\u00f3i\/RJ), al\u00e9m de atuar como colunista do jornal O Di\u00e1rio (Campos dos Goytacazes\/RJ).","sameAs":["https:\/\/folhadoleste.com.br","https:\/\/www.facebook.com\/reporter.andrefreitas\/","https:\/\/www.instagram.com\/andrefreitas.jornalista\/","www.linkedin.com\/in\/andr\u00e9-freitas-jornalista","https:\/\/x.com\/andrefreitas_fl"],"url":"https:\/\/folhadoleste.com.br\/en\/author\/andrefreitas\/"}]}},"description":{"rendered":"<p class=\"attachment\"><a href='https:\/\/folhadoleste.com.br\/wp-content\/uploads\/2025\/01\/Oscar-Globo.jpg'><img decoding=\"async\" width=\"300\" height=\"162\" src=\"https:\/\/folhadoleste.com.br\/wp-content\/uploads\/2025\/01\/Oscar-Globo-300x162.jpg\" class=\"attachment-medium size-medium\" alt=\"\" \/><\/a><\/p>\n"},"caption":{"rendered":""},"alt_text":"","media_type":"image","mime_type":"image\/jpeg","media_details":{"width":1300,"height":700,"file":"2025\/01\/Oscar-Globo.jpg","filesize":215222,"sizes":{"medium":{"file":"Oscar-Globo-300x162.jpg","width":300,"height":162,"filesize":11499,"mime_type":"image\/jpeg","source_url":"https:\/\/folhadoleste.com.br\/wp-content\/uploads\/2025\/01\/Oscar-Globo-300x162.jpg"},"large":{"file":"Oscar-Globo-1024x551.jpg","width":1024,"height":551,"filesize":40291,"mime_type":"image\/jpeg","source_url":"https:\/\/folhadoleste.com.br\/wp-content\/uploads\/2025\/01\/Oscar-Globo-1024x551.jpg"},"thumbnail":{"file":"Oscar-Globo-150x150.jpg","width":150,"height":150,"filesize":8258,"mime_type":"image\/jpeg","source_url":"https:\/\/folhadoleste.com.br\/wp-content\/uploads\/2025\/01\/Oscar-Globo-150x150.jpg"},"ceris-xxxs-1_1":{"file":"Oscar-Globo-70x70.jpg","width":70,"height":70,"filesize":5493,"mime_type":"image\/jpeg","source_url":"https:\/\/folhadoleste.com.br\/wp-content\/uploads\/2025\/01\/Oscar-Globo-70x70.jpg"},"ceris-xxs-4_3":{"file":"Oscar-Globo-180x135.jpg","width":180,"height":135,"filesize":8802,"mime_type":"image\/jpeg","source_url":"https:\/\/folhadoleste.com.br\/wp-content\/uploads\/2025\/01\/Oscar-Globo-180x135.jpg"},"ceris-xxs-1_1":{"file":"Oscar-Globo-180x180.jpg","width":180,"height":180,"filesize":9341,"mime_type":"image\/jpeg","source_url":"https:\/\/folhadoleste.com.br\/wp-content\/uploads\/2025\/01\/Oscar-Globo-180x180.jpg"},"ceris-xs-16_9 400x225":{"file":"Oscar-Globo-400x225.jpg","width":400,"height":225,"filesize":15419,"mime_type":"image\/jpeg","source_url":"https:\/\/folhadoleste.com.br\/wp-content\/uploads\/2025\/01\/Oscar-Globo-400x225.jpg"},"ceris-xs-4_3":{"file":"Oscar-Globo-400x300.jpg","width":400,"height":300,"filesize":17699,"mime_type":"image\/jpeg","source_url":"https:\/\/folhadoleste.com.br\/wp-content\/uploads\/2025\/01\/Oscar-Globo-400x300.jpg"},"ceris-xs-2_1":{"file":"Oscar-Globo-400x200.jpg","width":400,"height":200,"filesize":14731,"mime_type":"image\/jpeg","source_url":"https:\/\/folhadoleste.com.br\/wp-content\/uploads\/2025\/01\/Oscar-Globo-400x200.jpg"},"ceris-xs-1_1":{"file":"Oscar-Globo-400x400.jpg","width":400,"height":400,"filesize":18801,"mime_type":"image\/jpeg","source_url":"https:\/\/folhadoleste.com.br\/wp-content\/uploads\/2025\/01\/Oscar-Globo-400x400.jpg"},"ceris-xs-16_9":{"file":"Oscar-Globo-600x338.jpg","width":600,"height":338,"filesize":23231,"mime_type":"image\/jpeg","source_url":"https:\/\/folhadoleste.com.br\/wp-content\/uploads\/2025\/01\/Oscar-Globo-600x338.jpg"},"ceris-s-4_3":{"file":"Oscar-Globo-600x450.jpg","width":600,"height":450,"filesize":27287,"mime_type":"image\/jpeg","source_url":"https:\/\/folhadoleste.com.br\/wp-content\/uploads\/2025\/01\/Oscar-Globo-600x450.jpg"},"ceris-s-2_1":{"file":"Oscar-Globo-600x300.jpg","width":600,"height":300,"filesize":21865,"mime_type":"image\/jpeg","source_url":"https:\/\/folhadoleste.com.br\/wp-content\/uploads\/2025\/01\/Oscar-Globo-600x300.jpg"},"ceris-s-1_1":{"file":"Oscar-Globo-600x600.jpg","width":600,"height":600,"filesize":28814,"mime_type":"image\/jpeg","source_url":"https:\/\/folhadoleste.com.br\/wp-content\/uploads\/2025\/01\/Oscar-Globo-600x600.jpg"},"ceris-m-16_9":{"file":"Oscar-Globo-800x450.jpg","width":800,"height":450,"filesize":32112,"mime_type":"image\/jpeg","source_url":"https:\/\/folhadoleste.com.br\/wp-content\/uploads\/2025\/01\/Oscar-Globo-800x450.jpg"},"ceris-m-4_3":{"file":"Oscar-Globo-800x600.jpg","width":800,"height":600,"filesize":37807,"mime_type":"image\/jpeg","source_url":"https:\/\/folhadoleste.com.br\/wp-content\/uploads\/2025\/01\/Oscar-Globo-800x600.jpg"},"ceris-m-2_1":{"file":"Oscar-Globo-800x400.jpg","width":800,"height":400,"filesize":30151,"mime_type":"image\/jpeg","source_url":"https:\/\/folhadoleste.com.br\/wp-content\/uploads\/2025\/01\/Oscar-Globo-800x400.jpg"},"ceris-m-auto":{"file":"Oscar-Globo-800x431.jpg","width":800,"height":431,"filesize":30650,"mime_type":"image\/jpeg","source_url":"https:\/\/folhadoleste.com.br\/wp-content\/uploads\/2025\/01\/Oscar-Globo-800x431.jpg"},"ceris-l-16_9":{"file":"Oscar-Globo-1200x675.jpg","width":1200,"height":675,"filesize":50398,"mime_type":"image\/jpeg","source_url":"https:\/\/folhadoleste.com.br\/wp-content\/uploads\/2025\/01\/Oscar-Globo-1200x675.jpg"},"ceris-l-4_3":{"file":"Oscar-Globo-1200x700.jpg","width":1200,"height":700,"filesize":55191,"mime_type":"image\/jpeg","source_url":"https:\/\/folhadoleste.com.br\/wp-content\/uploads\/2025\/01\/Oscar-Globo-1200x700.jpg"},"ceris-l-2_1":{"file":"Oscar-Globo-1200x600.jpg","width":1200,"height":600,"filesize":47373,"mime_type":"image\/jpeg","source_url":"https:\/\/folhadoleste.com.br\/wp-content\/uploads\/2025\/01\/Oscar-Globo-1200x600.jpg"},"full":{"file":"Oscar-Globo.jpg","width":1300,"height":700,"mime_type":"image\/jpeg","source_url":"https:\/\/folhadoleste.com.br\/wp-content\/uploads\/2025\/01\/Oscar-Globo.jpg"}},"image_meta":{"aperture":"0","credit":"","camera":"","caption":"","created_timestamp":"0","copyright":"","focal_length":"0","iso":"0","shutter_speed":"0","title":"","orientation":"1","keywords":[]}},"post":107158,"source_url":"https:\/\/folhadoleste.com.br\/wp-content\/uploads\/2025\/01\/Oscar-Globo.jpg","_links":{"self":[{"href":"https:\/\/folhadoleste.com.br\/en\/wp-json\/wp\/v2\/media\/107175","targetHints":{"allow":["GET"]}}],"collection":[{"href":"https:\/\/folhadoleste.com.br\/en\/wp-json\/wp\/v2\/media"}],"about":[{"href":"https:\/\/folhadoleste.com.br\/en\/wp-json\/wp\/v2\/types\/attachment"}],"author":[{"embeddable":true,"href":"https:\/\/folhadoleste.com.br\/en\/wp-json\/wp\/v2\/users\/2"}],"replies":[{"embeddable":true,"href":"https:\/\/folhadoleste.com.br\/en\/wp-json\/wp\/v2\/comments?post=107175"}],"wp:attached-to":[{"embeddable":true,"post_type":"post","id":107158,"href":"https:\/\/folhadoleste.com.br\/en\/wp-json\/wp\/v2\/posts\/107158"}],"curies":[{"name":"wp","href":"https:\/\/api.w.org\/{rel}","templated":true}]}}